{"id":108,"date":"2023-07-15T20:15:56","date_gmt":"2023-07-15T20:15:56","guid":{"rendered":"https:\/\/publijosma.subiendoweb.es\/?page_id=108"},"modified":"2026-03-24T11:56:37","modified_gmt":"2026-03-24T11:56:37","slug":"presupuesto","status":"publish","type":"page","link":"https:\/\/vallaseconomicas.es\/?page_id=108","title":{"rendered":"PRESUPUESTO"},"content":{"rendered":"\t\t<div data-elementor-type=\"wp-page\" data-elementor-id=\"108\" class=\"elementor elementor-108\" data-elementor-post-type=\"page\">\n\t\t\t\t<div class=\"elementor-element elementor-element-3fac74c9 e-con-full e-flex e-con e-parent\" data-id=\"3fac74c9\" data-element_type=\"container\" data-e-type=\"container\" data-settings=\"{&quot;background_background&quot;:&quot;gradient&quot;}\">\n\t\t\t\t<div class=\"elementor-element elementor-element-6cf0be89 elementor-widget__width-inherit elementor-widget elementor-widget-image\" data-id=\"6cf0be89\" data-element_type=\"widget\" data-e-type=\"widget\" data-widget_type=\"image.default\">\n\t\t\t\t<div class=\"elementor-widget-container\">\n\t\t\t\t\t\t\t\t\t\t\t\t\t\t\t<img loading=\"lazy\" decoding=\"async\" width=\"1600\" height=\"397\" src=\"https:\/\/vallaseconomicas.es\/wp-content\/uploads\/2026\/03\/bannerpresupuesto.webp\" class=\"attachment-full size-full wp-image-9319\" alt=\"bannerpresupuesto\" srcset=\"https:\/\/vallaseconomicas.es\/wp-content\/uploads\/2026\/03\/bannerpresupuesto.webp 1600w, https:\/\/vallaseconomicas.es\/wp-content\/uploads\/2026\/03\/bannerpresupuesto-300x74.webp 300w, https:\/\/vallaseconomicas.es\/wp-content\/uploads\/2026\/03\/bannerpresupuesto-1024x254.webp 1024w, https:\/\/vallaseconomicas.es\/wp-content\/uploads\/2026\/03\/bannerpresupuesto-768x191.webp 768w, https:\/\/vallaseconomicas.es\/wp-content\/uploads\/2026\/03\/bannerpresupuesto-1536x381.webp 1536w\" sizes=\"auto, (max-width: 1600px) 100vw, 1600px\" \/>\t\t\t\t\t\t\t\t\t\t\t\t\t\t\t<\/div>\n\t\t\t\t<\/div>\n\t\t\t\t<\/div>\n\t\t\t\t<section class=\"elementor-section elementor-top-section elementor-element elementor-element-7995c59 elementor-section-boxed elementor-section-height-default elementor-section-height-default\" data-id=\"7995c59\" data-element_type=\"section\" data-e-type=\"section\" data-settings=\"{&quot;background_background&quot;:&quot;classic&quot;}\">\n\t\t\t\t\t\t<div class=\"elementor-container elementor-column-gap-default\">\n\t\t\t\t\t<div class=\"elementor-column elementor-col-33 elementor-top-column elementor-element elementor-element-3cff188\" data-id=\"3cff188\" data-element_type=\"column\" data-e-type=\"column\">\n\t\t\t<div class=\"elementor-widget-wrap elementor-element-populated\">\n\t\t\t\t\t\t<div class=\"elementor-element elementor-element-b0a0f38 elementor-widget elementor-widget-text-editor\" data-id=\"b0a0f38\" data-element_type=\"widget\" data-e-type=\"widget\" data-widget_type=\"text-editor.default\">\n\t\t\t\t<div class=\"elementor-widget-container\">\n\t\t\t\t\t\t\t\t\t<h5 style=\"text-align: left;\">Planificaci\u00f3n de la instalaci\u00f3n de una valla<\/h5><details><summary><strong>Puntos clave<\/strong><\/summary><ul><li><strong>Caracter\u00edsticas de la valla:<\/strong> La valla debe cumplir con las caracter\u00edsticas necesarias para el lugar donde se instalar\u00e1, incluyendo la resistencia al viento.<\/li><li><strong>Anclaje:<\/strong> El tipo de anclaje depender\u00e1 del tipo de muro donde se instale la valla (con pilastras, desnivelado, escalonado).<\/li><li><strong>Plano:<\/strong> Es importante dibujar un plano con la ubicaci\u00f3n de la valla, incluyendo escalones si es necesario, para tomar medidas precisas.<\/li><\/ul><\/details><details><summary><strong>Consideraciones adicionales<\/strong><\/summary><ul><li><strong>Presi\u00f3n del viento:<\/strong> El dise\u00f1o de la valla debe tener en cuenta la presi\u00f3n del viento en la zona.<\/li><li><strong>Obst\u00e1culos:<\/strong> El plano debe reflejar los obst\u00e1culos que la valla debe superar.<\/li><li><strong>Medidas precisas:<\/strong> El dibujo del plano permitir\u00e1 tomar medidas precisas para la construcci\u00f3n de la valla.<\/li><\/ul><\/details>\t\t\t\t\t\t\t\t<\/div>\n\t\t\t\t<\/div>\n\t\t\t\t\t<\/div>\n\t\t<\/div>\n\t\t\t\t<div class=\"elementor-column elementor-col-33 elementor-top-column elementor-element elementor-element-e6c950e\" data-id=\"e6c950e\" data-element_type=\"column\" data-e-type=\"column\">\n\t\t\t<div class=\"elementor-widget-wrap elementor-element-populated\">\n\t\t\t\t\t\t<div class=\"elementor-element elementor-element-7df5d91 elementor-widget elementor-widget-text-editor\" data-id=\"7df5d91\" data-element_type=\"widget\" data-e-type=\"widget\" data-widget_type=\"text-editor.default\">\n\t\t\t\t<div class=\"elementor-widget-container\">\n\t\t\t\t\t\t\t\t\t<h5>Ejemplo pr\u00e1ctico<\/h5><details><summary><strong>Paso 1: Medir el per\u00edmetro del jard\u00edn<\/strong><\/summary><p>Para empezar, necesitas medir el per\u00edmetro de tu jard\u00edn. El per\u00edmetro es la distancia total que recorre el borde del jard\u00edn. Puedes hacerlo siguiendo estos pasos:<\/p><ol><li>Coloca estacas en las esquinas del jard\u00edn.<\/li><li>Utiliza una cuerda o cinta m\u00e9trica para medir la distancia entre cada par de estacas adyacentes.<\/li><li>Suma las longitudes de todos los lados para obtener el per\u00edmetro total.<\/li><\/ol><p><strong>Ejemplo:<\/strong><\/p><p>Imagina que tu jard\u00edn tiene forma rectangular, con un lado de 10 metros y otro de 15 metros. Para calcular el per\u00edmetro, seguir\u00edas estos pasos:<\/p><ul><li>Lado 1: 10 metros<\/li><li>Lado 2: 15 metros<\/li><li>Lado 3: 10 metros<\/li><li>Lado 4: 15 metros<\/li><\/ul><p><strong>Per\u00edmetro:<\/strong> 10 metros + 15 metros + 10 metros + 15 metros = 50 metros<\/p><\/details><details><summary><strong>Paso 2: Considerar las puertas y accesos<\/strong><\/summary><p>Si tu jard\u00edn tiene puertas o accesos, tendr\u00e1s que restar su ancho del per\u00edmetro total para obtener la longitud de valla que necesitas. Por ejemplo, si tu jard\u00edn tiene una puerta de 2 metros de ancho, restar\u00edas 2 metros del per\u00edmetro total.<\/p><p><strong>Ejemplo:<\/strong><\/p><p>Siguiendo con el ejemplo anterior, si tu jard\u00edn tiene una puerta de 2 metros de ancho, la longitud de valla que necesitas ser\u00eda:<\/p><p><strong>Longitud de valla:<\/strong> 50 metros (per\u00edmetro) &#8211; 2 metros (ancho de la puerta) = 48 metros<\/p><\/details><details><summary><strong>Paso 3: Considerar superposiciones<\/strong><\/summary><p>Algunos tipos de vallas, como las de panel, se superponen ligeramente al instalarse. Esto significa que necesitas comprar un poco m\u00e1s de valla de la que indica el per\u00edmetro medido. La cantidad de superposici\u00f3n depender\u00e1 del tipo de valla que elijas. Consulta las instrucciones del fabricante o con un profesional para determinar la cantidad de superposici\u00f3n necesaria.<\/p><p><strong>Ejemplo:<\/strong><\/p><p>Supongamos que la valla que has elegido se superpone 10 cm por cada panel. Si cada panel mide 1,8 metros de largo, necesitar\u00e1s comprar 10 cm adicionales de valla por cada panel. Para calcular la cantidad total de superposici\u00f3n, divide el per\u00edmetro medido por la longitud del panel y multiplica el resultado por la cantidad de superposici\u00f3n por panel.<\/p><p><strong>Cantidad de superposici\u00f3n:<\/strong> (50 metros \/ 1,8 metros\/panel) \u00d7 0,10 metros\/panel = 2,78 metros<\/p><p><strong>Longitud total de valla:<\/strong> 48 metros (longitud de valla) + 2,78 metros (superposici\u00f3n) = 50,78 metros<\/p><p>En este ejemplo, necesitar\u00edas comprar 50,78 metros de valla para cubrir el per\u00edmetro de tu jard\u00edn.<\/p><\/details><details><summary><strong>Consejos adicionales<\/strong><\/summary><ul><li>Es siempre mejor comprar un poco m\u00e1s de valla de la que necesitas, por si acaso.<\/li><li>Ten en cuenta la altura de la valla que deseas. Algunas vallas vienen en alturas predefinidas, mientras que otras se pueden cortar a medida.<\/li><li>Investiga los diferentes tipos de vallas disponibles para elegir la que mejor se adapte a tus necesidades y presupuesto.<\/li><li>Consulta con un profesional o en tu tienda de bricolaje local para obtener ayuda con la medici\u00f3n y la instalaci\u00f3n de la valla.<\/li><\/ul><\/details>\t\t\t\t\t\t\t\t<\/div>\n\t\t\t\t<\/div>\n\t\t\t\t\t<\/div>\n\t\t<\/div>\n\t\t\t\t<div class=\"elementor-column elementor-col-33 elementor-top-column elementor-element elementor-element-2daf0bd\" data-id=\"2daf0bd\" data-element_type=\"column\" data-e-type=\"column\">\n\t\t\t<div class=\"elementor-widget-wrap elementor-element-populated\">\n\t\t\t\t\t\t<div class=\"elementor-element elementor-element-5f59c01 elementor-widget elementor-widget-text-editor\" data-id=\"5f59c01\" data-element_type=\"widget\" data-e-type=\"widget\" data-widget_type=\"text-editor.default\">\n\t\t\t\t<div class=\"elementor-widget-container\">\n\t\t\t\t\t\t\t\t\t<h5 style=\"text-align: left;\">A tener en cuenta<\/h5><details><summary><strong>Medidas<\/strong><\/summary><p>Conviene ser preciso, pero sin estresarse. No viene de 1 mm, ni de 3. En general con dar una medida con una precisi\u00f3n de medio cent\u00edmetro (5 mm) es suficiente.<\/p><\/details><details><summary><strong>Distancias<\/strong><\/summary><p>No te preocupes de las distancias entre postes. Nosotros hacemos la distribuci\u00f3n de los postes en cada tramo para que todos los m\u00f3dulos de un tramo sean iguales. La distancia m\u00e1xima entre ejes de poste es de 158 cm para las lamas de PVC y 200 cm para las lamas de aluminio.<\/p><\/details><details><summary><strong>Croquis<\/strong><\/summary><p>Si no son tramos rectos, siempre ayuda si nos env\u00edas un croquis (aunque el dibujo no sea lo tuyo). O incluso fotos del lugar, donde se vean los puntos complicados.<\/p><\/details><details><summary><strong>Confirmaci\u00f3n<\/strong><\/summary><p>Si aceptas el presupuesto, te enviamos un croquis a escala para confirmaci\u00f3n.<\/p><\/details><details><summary><strong>Correcciones<\/strong><\/summary><p>Una vez recibas la valla, durante la instalaci\u00f3n se pueden corregir errores de medici\u00f3n de hasta 1 cm por cada metro. Y si con eso no es suficiente, con una sierra de mano se pueden cortar las lamas de PVC o madera tecnol\u00f3gica del \u00faltimo m\u00f3dulo a una medida m\u00e1s corta, por ejemplo.<\/p><\/details>\t\t\t\t\t\t\t\t<\/div>\n\t\t\t\t<\/div>\n\t\t\t\t\t<\/div>\n\t\t<\/div>\n\t\t\t\t\t<\/div>\n\t\t<\/section>\n\t\t\t\t<section class=\"elementor-section elementor-top-section elementor-element elementor-element-5ddba43 elementor-section-height-min-height elementor-section-items-top elementor-section-content-space-evenly elementor-section-boxed elementor-section-height-default\" data-id=\"5ddba43\" data-element_type=\"section\" data-e-type=\"section\">\n\t\t\t\t\t\t<div class=\"elementor-container elementor-column-gap-no\">\n\t\t\t\t\t<div class=\"elementor-column elementor-col-33 elementor-top-column elementor-element elementor-element-18cc12d\" data-id=\"18cc12d\" data-element_type=\"column\" data-e-type=\"column\">\n\t\t\t<div class=\"elementor-widget-wrap elementor-element-populated\">\n\t\t\t\t\t\t<div class=\"elementor-element elementor-element-d417b06 elementor-view-default elementor-position-block-start elementor-mobile-position-block-start elementor-widget elementor-widget-icon-box\" data-id=\"d417b06\" data-element_type=\"widget\" data-e-type=\"widget\" data-widget_type=\"icon-box.default\">\n\t\t\t\t<div class=\"elementor-widget-container\">\n\t\t\t\t\t\t\t<div class=\"elementor-icon-box-wrapper\">\n\n\t\t\t\t\t\t<div class=\"elementor-icon-box-icon\">\n\t\t\t\t<span  class=\"elementor-icon\">\n\t\t\t\t<i aria-hidden=\"true\" class=\"fas fa-star\"><\/i>\t\t\t\t<\/span>\n\t\t\t<\/div>\n\t\t\t\n\t\t\t\t\t\t<div class=\"elementor-icon-box-content\">\n\n\t\t\t\t\t\t\t\t\t<h3 class=\"elementor-icon-box-title\">\n\t\t\t\t\t\t<span  >\n\t\t\t\t\t\t\tINFORMACI\u00d3N\t\t\t\t\t\t<\/span>\n\t\t\t\t\t<\/h3>\n\t\t\t\t\n\t\t\t\t\t\t\t\t\t<p class=\"elementor-icon-box-description\">\n\t\t\t\t\t\tDescribe claramente, cuanto m\u00e1s datos mejor,  el alcance del proyecto o servicio que necesitas presupuestar.\t\t\t\t\t<\/p>\n\t\t\t\t\n\t\t\t<\/div>\n\t\t\t\n\t\t<\/div>\n\t\t\t\t\t\t<\/div>\n\t\t\t\t<\/div>\n\t\t\t\t\t<\/div>\n\t\t<\/div>\n\t\t\t\t<div class=\"elementor-column elementor-col-33 elementor-top-column elementor-element elementor-element-df13f8a\" data-id=\"df13f8a\" data-element_type=\"column\" data-e-type=\"column\">\n\t\t\t<div class=\"elementor-widget-wrap elementor-element-populated\">\n\t\t\t\t\t\t<div class=\"elementor-element elementor-element-b29572b elementor-view-default elementor-position-block-start elementor-mobile-position-block-start elementor-widget elementor-widget-icon-box\" data-id=\"b29572b\" data-element_type=\"widget\" data-e-type=\"widget\" data-widget_type=\"icon-box.default\">\n\t\t\t\t<div class=\"elementor-widget-container\">\n\t\t\t\t\t\t\t<div class=\"elementor-icon-box-wrapper\">\n\n\t\t\t\t\t\t<div class=\"elementor-icon-box-icon\">\n\t\t\t\t<span  class=\"elementor-icon\">\n\t\t\t\t<i aria-hidden=\"true\" class=\"fas fa-star\"><\/i>\t\t\t\t<\/span>\n\t\t\t<\/div>\n\t\t\t\n\t\t\t\t\t\t<div class=\"elementor-icon-box-content\">\n\n\t\t\t\t\t\t\t\t\t<h3 class=\"elementor-icon-box-title\">\n\t\t\t\t\t\t<span  >\n\t\t\t\t\t\t\tDETALLES\t\t\t\t\t\t<\/span>\n\t\t\t\t\t<\/h3>\n\t\t\t\t\n\t\t\t\t\t\t\t\t\t<p class=\"elementor-icon-box-description\">\n\t\t\t\t\t\tInforma de los importantes detalles como la cantidad, las especificaciones t\u00e9cnicas y preferencias de calidad.\t\t\t\t\t<\/p>\n\t\t\t\t\n\t\t\t<\/div>\n\t\t\t\n\t\t<\/div>\n\t\t\t\t\t\t<\/div>\n\t\t\t\t<\/div>\n\t\t\t\t\t<\/div>\n\t\t<\/div>\n\t\t\t\t<div class=\"elementor-column elementor-col-33 elementor-top-column elementor-element elementor-element-43383aa\" data-id=\"43383aa\" data-element_type=\"column\" data-e-type=\"column\">\n\t\t\t<div class=\"elementor-widget-wrap elementor-element-populated\">\n\t\t\t\t\t\t<div class=\"elementor-element elementor-element-6ba4824 elementor-view-default elementor-position-block-start elementor-mobile-position-block-start elementor-widget elementor-widget-icon-box\" data-id=\"6ba4824\" data-element_type=\"widget\" data-e-type=\"widget\" data-widget_type=\"icon-box.default\">\n\t\t\t\t<div class=\"elementor-widget-container\">\n\t\t\t\t\t\t\t<div class=\"elementor-icon-box-wrapper\">\n\n\t\t\t\t\t\t<div class=\"elementor-icon-box-icon\">\n\t\t\t\t<span  class=\"elementor-icon\">\n\t\t\t\t<i aria-hidden=\"true\" class=\"fas fa-star\"><\/i>\t\t\t\t<\/span>\n\t\t\t<\/div>\n\t\t\t\n\t\t\t\t\t\t<div class=\"elementor-icon-box-content\">\n\n\t\t\t\t\t\t\t\t\t<h3 class=\"elementor-icon-box-title\">\n\t\t\t\t\t\t<span  >\n\t\t\t\t\t\t\tCONTACTO\t\t\t\t\t\t<\/span>\n\t\t\t\t\t<\/h3>\n\t\t\t\t\n\t\t\t\t\t\t\t\t\t<p class=\"elementor-icon-box-description\">\n\t\t\t\t\t\tIncluye tu informaci\u00f3n de contacto y, si es relevante, indicanos tu ubicaci\u00f3n para obtener una cotizaci\u00f3n precisa.\t\t\t\t\t<\/p>\n\t\t\t\t\n\t\t\t<\/div>\n\t\t\t\n\t\t<\/div>\n\t\t\t\t\t\t<\/div>\n\t\t\t\t<\/div>\n\t\t\t\t\t<\/div>\n\t\t<\/div>\n\t\t\t\t\t<\/div>\n\t\t<\/section>\n\t\t<div class=\"elementor-element elementor-element-3675d8d e-flex e-con-boxed e-con e-parent\" data-id=\"3675d8d\" data-element_type=\"container\" data-e-type=\"container\" id=\"presupuesto-form\">\n\t\t\t\t\t<div class=\"e-con-inner\">\n\t\t\t\t\t<\/div>\n\t\t\t\t<\/div>\n\t\t\t\t<section class=\"elementor-section elementor-top-section elementor-element elementor-element-2f22322c elementor-section-boxed elementor-section-height-default elementor-section-height-default\" data-id=\"2f22322c\" data-element_type=\"section\" data-e-type=\"section\">\n\t\t\t\t\t\t<div class=\"elementor-container elementor-column-gap-default\">\n\t\t\t\t\t<div class=\"elementor-column elementor-col-50 elementor-top-column elementor-element elementor-element-76c64bba\" data-id=\"76c64bba\" data-element_type=\"column\" data-e-type=\"column\">\n\t\t\t<div class=\"elementor-widget-wrap elementor-element-populated\">\n\t\t\t\t\t\t<div class=\"elementor-element elementor-element-3568e124 elementor-widget elementor-widget-image\" data-id=\"3568e124\" data-element_type=\"widget\" data-e-type=\"widget\" data-widget_type=\"image.default\">\n\t\t\t\t<div class=\"elementor-widget-container\">\n\t\t\t\t\t\t\t\t\t\t\t\t\t\t\t\t<a href=\"https:\/\/tienda.publijosma.es\/es\/\" target=\"_blank\">\n\t\t\t\t\t\t\t<img loading=\"lazy\" decoding=\"async\" width=\"300\" height=\"99\" src=\"https:\/\/vallaseconomicas.es\/wp-content\/uploads\/2023\/07\/sellosp-300x99.gif\" class=\"elementor-animation-float attachment-medium size-medium wp-image-3656\" alt=\"Publijosma sellos\" \/>\t\t\t\t\t\t\t\t<\/a>\n\t\t\t\t\t\t\t\t\t\t\t\t\t\t\t<\/div>\n\t\t\t\t<\/div>\n\t\t\t\t\t<\/div>\n\t\t<\/div>\n\t\t<a class=\"eael-wrapper-link-1b79bcee --eael-wrapper-link-tag\" href=\"https:\/\/publijosma.es\/es\/\" target=\"_blank\"><\/a>\t\t<div data-eael-wrapper-link=\"eael-wrapper-link-1b79bcee\" class=\"elementor-column elementor-col-50 elementor-top-column elementor-element elementor-element-1b79bcee\" data-id=\"1b79bcee\" data-element_type=\"column\" data-e-type=\"column\">\n\t\t\t<div class=\"elementor-widget-wrap elementor-element-populated\">\n\t\t\t\t\t\t<div class=\"elementor-element elementor-element-79682597 elementor-widget elementor-widget-image\" data-id=\"79682597\" data-element_type=\"widget\" data-e-type=\"widget\" data-widget_type=\"image.default\">\n\t\t\t\t<div class=\"elementor-widget-container\">\n\t\t\t\t\t\t\t\t\t\t\t\t\t\t\t\t<a href=\"https:\/\/publijosma.es\/\" target=\"_blank\">\n\t\t\t\t\t\t\t<img loading=\"lazy\" decoding=\"async\" width=\"300\" height=\"99\" src=\"https:\/\/vallaseconomicas.es\/wp-content\/uploads\/2023\/07\/rotulospublici-300x99.gif\" class=\"elementor-animation-float attachment-medium size-medium wp-image-3655\" alt=\"R\u00f3tulos Publijosma\" \/>\t\t\t\t\t\t\t\t<\/a>\n\t\t\t\t\t\t\t\t\t\t\t\t\t\t\t<\/div>\n\t\t\t\t<\/div>\n\t\t\t\t\t<\/div>\n\t\t<\/div>\n\t\t\t\t\t<\/div>\n\t\t<\/section>\n\t\t\t\t<\/div>\n\t\t","protected":false},"excerpt":{"rendered":"<p>Planificaci\u00f3n de la instalaci\u00f3n de una valla Puntos clave Caracter\u00edsticas de la valla: La valla debe cumplir con las caracter\u00edsticas necesarias para el lugar donde se instalar\u00e1, incluyendo la resistencia al viento. Anclaje: El tipo de anclaje depender\u00e1 del tipo de muro donde se instale la valla (con pilastras, desnivelado, escalonado). Plano: Es importante dibujar [&hellip;]<\/p>\n","protected":false},"author":1,"featured_media":0,"parent":0,"menu_order":4,"comment_status":"closed","ping_status":"closed","template":"","meta":{"_eb_attr":"","_uag_custom_page_level_css":"","site-sidebar-layout":"no-sidebar","site-content-layout":"page-builder","ast-site-content-layout":"default","site-content-style":"default","site-sidebar-style":"default","ast-global-header-display":"","ast-banner-title-visibility":"","ast-main-header-display":"","ast-hfb-above-header-display":"","ast-hfb-below-header-display":"","ast-hfb-mobile-header-display":"","site-post-title":"disabled","ast-breadcrumbs-content":"","ast-featured-img":"disabled","footer-sml-layout":"","theme-transparent-header-meta":"","adv-header-id-meta":"","stick-header-meta":"","header-above-stick-meta":"","header-main-stick-meta":"","header-below-stick-meta":"","astra-migrate-meta-layouts":"default","ast-page-background-enabled":"default","ast-page-background-meta":{"desktop":{"background-color":"var(--ast-global-color-4)","background-image":"","background-repeat":"repeat","background-position":"center center","background-size":"auto","background-attachment":"scroll","background-type":"","background-media":"","overlay-type":"","overlay-color":"","overlay-opacity":"","overlay-gradient":""},"tablet":{"background-color":"","background-image":"","background-repeat":"repeat","background-position":"center center","background-size":"auto","background-attachment":"scroll","background-type":"","background-media":"","overlay-type":"","overlay-color":"","overlay-opacity":"","overlay-gradient":""},"mobile":{"background-color":"","background-image":"","background-repeat":"repeat","background-position":"center center","background-size":"auto","background-attachment":"scroll","background-type":"","background-media":"","overlay-type":"","overlay-color":"","overlay-opacity":"","overlay-gradient":""}},"ast-content-background-meta":{"desktop":{"background-color":"var(--ast-global-color-5)","background-image":"","background-repeat":"repeat","background-position":"center center","background-size":"auto","background-attachment":"scroll","background-type":"","background-media":"","overlay-type":"","overlay-color":"","overlay-opacity":"","overlay-gradient":""},"tablet":{"background-color":"var(--ast-global-color-5)","background-image":"","background-repeat":"repeat","background-position":"center center","background-size":"auto","background-attachment":"scroll","background-type":"","background-media":"","overlay-type":"","overlay-color":"","overlay-opacity":"","overlay-gradient":""},"mobile":{"background-color":"var(--ast-global-color-5)","background-image":"","background-repeat":"repeat","background-position":"center center","background-size":"auto","background-attachment":"scroll","background-type":"","background-media":"","overlay-type":"","overlay-color":"","overlay-opacity":"","overlay-gradient":""}},"footnotes":""},"class_list":["post-108","page","type-page","status-publish","hentry"],"yoast_head":"<!-- This site is optimized with the Yoast SEO plugin v26.9 - https:\/\/yoast.com\/product\/yoast-seo-wordpress\/ -->\n<title>PRESUPUESTO - Vallas Econ\u00f3micas<\/title>\n<meta name=\"robots\" content=\"index, follow, max-snippet:-1, max-image-preview:large, max-video-preview:-1\" \/>\n<link rel=\"canonical\" href=\"https:\/\/vallaseconomicas.es\/?page_id=108\" \/>\n<meta property=\"og:locale\" content=\"es_ES\" \/>\n<meta property=\"og:type\" content=\"article\" \/>\n<meta property=\"og:title\" content=\"PRESUPUESTO - Vallas Econ\u00f3micas\" \/>\n<meta property=\"og:description\" content=\"Planificaci\u00f3n de la instalaci\u00f3n de una valla Puntos clave Caracter\u00edsticas de la valla: La valla debe cumplir con las caracter\u00edsticas necesarias para el lugar donde se instalar\u00e1, incluyendo la resistencia al viento. Anclaje: El tipo de anclaje depender\u00e1 del tipo de muro donde se instale la valla (con pilastras, desnivelado, escalonado). Plano: Es importante dibujar [&hellip;]\" \/>\n<meta property=\"og:url\" content=\"https:\/\/vallaseconomicas.es\/?page_id=108\" \/>\n<meta property=\"og:site_name\" content=\"Vallas Econ\u00f3micas\" \/>\n<meta property=\"article:modified_time\" content=\"2026-03-24T11:56:37+00:00\" \/>\n<meta property=\"og:image\" content=\"https:\/\/publijosma.subiendoweb.es\/wp-content\/uploads\/2026\/03\/bannerpresupuesto.webp\" \/>\n<meta name=\"twitter:card\" content=\"summary_large_image\" \/>\n<meta name=\"twitter:label1\" content=\"Tiempo de lectura\" \/>\n\t<meta name=\"twitter:data1\" content=\"6 minutos\" \/>\n<script type=\"application\/ld+json\" class=\"yoast-schema-graph\">{\"@context\":\"https:\/\/schema.org\",\"@graph\":[{\"@type\":\"WebPage\",\"@id\":\"https:\/\/vallaseconomicas.es\/?page_id=108\",\"url\":\"https:\/\/vallaseconomicas.es\/?page_id=108\",\"name\":\"PRESUPUESTO - Vallas Econ\u00f3micas\",\"isPartOf\":{\"@id\":\"https:\/\/vallaseconomicas.es\/#website\"},\"primaryImageOfPage\":{\"@id\":\"https:\/\/vallaseconomicas.es\/?page_id=108#primaryimage\"},\"image\":{\"@id\":\"https:\/\/vallaseconomicas.es\/?page_id=108#primaryimage\"},\"thumbnailUrl\":\"https:\/\/publijosma.subiendoweb.es\/wp-content\/uploads\/2026\/03\/bannerpresupuesto.webp\",\"datePublished\":\"2023-07-15T20:15:56+00:00\",\"dateModified\":\"2026-03-24T11:56:37+00:00\",\"breadcrumb\":{\"@id\":\"https:\/\/vallaseconomicas.es\/?page_id=108#breadcrumb\"},\"inLanguage\":\"es\",\"potentialAction\":[{\"@type\":\"ReadAction\",\"target\":[\"https:\/\/vallaseconomicas.es\/?page_id=108\"]}]},{\"@type\":\"ImageObject\",\"inLanguage\":\"es\",\"@id\":\"https:\/\/vallaseconomicas.es\/?page_id=108#primaryimage\",\"url\":\"https:\/\/publijosma.subiendoweb.es\/wp-content\/uploads\/2026\/03\/bannerpresupuesto.webp\",\"contentUrl\":\"https:\/\/publijosma.subiendoweb.es\/wp-content\/uploads\/2026\/03\/bannerpresupuesto.webp\"},{\"@type\":\"BreadcrumbList\",\"@id\":\"https:\/\/vallaseconomicas.es\/?page_id=108#breadcrumb\",\"itemListElement\":[{\"@type\":\"ListItem\",\"position\":1,\"name\":\"Portada\",\"item\":\"https:\/\/vallaseconomicas.es\/\"},{\"@type\":\"ListItem\",\"position\":2,\"name\":\"PRESUPUESTO\"}]},{\"@type\":\"WebSite\",\"@id\":\"https:\/\/vallaseconomicas.es\/#website\",\"url\":\"https:\/\/vallaseconomicas.es\/\",\"name\":\"Vallas Econ\u00f3micas\",\"description\":\"VALLAS DE PVC ALTA CALIDAD\",\"publisher\":{\"@id\":\"https:\/\/vallaseconomicas.es\/#organization\"},\"potentialAction\":[{\"@type\":\"SearchAction\",\"target\":{\"@type\":\"EntryPoint\",\"urlTemplate\":\"https:\/\/vallaseconomicas.es\/?s={search_term_string}\"},\"query-input\":{\"@type\":\"PropertyValueSpecification\",\"valueRequired\":true,\"valueName\":\"search_term_string\"}}],\"inLanguage\":\"es\"},{\"@type\":\"Organization\",\"@id\":\"https:\/\/vallaseconomicas.es\/#organization\",\"name\":\"Vallas Econ\u00f3micas\",\"url\":\"https:\/\/vallaseconomicas.es\/\",\"logo\":{\"@type\":\"ImageObject\",\"inLanguage\":\"es\",\"@id\":\"https:\/\/vallaseconomicas.es\/#\/schema\/logo\/image\/\",\"url\":\"https:\/\/vallaseconomicas.es\/wp-content\/uploads\/2026\/02\/cropped-banner-vallas-economicas-inicio-1-1.png\",\"contentUrl\":\"https:\/\/vallaseconomicas.es\/wp-content\/uploads\/2026\/02\/cropped-banner-vallas-economicas-inicio-1-1.png\",\"width\":562,\"height\":188,\"caption\":\"Vallas Econ\u00f3micas\"},\"image\":{\"@id\":\"https:\/\/vallaseconomicas.es\/#\/schema\/logo\/image\/\"}}]}<\/script>\n<!-- \/ Yoast SEO plugin. -->","yoast_head_json":{"title":"PRESUPUESTO - Vallas Econ\u00f3micas","robots":{"index":"index","follow":"follow","max-snippet":"max-snippet:-1","max-image-preview":"max-image-preview:large","max-video-preview":"max-video-preview:-1"},"canonical":"https:\/\/vallaseconomicas.es\/?page_id=108","og_locale":"es_ES","og_type":"article","og_title":"PRESUPUESTO - Vallas Econ\u00f3micas","og_description":"Planificaci\u00f3n de la instalaci\u00f3n de una valla Puntos clave Caracter\u00edsticas de la valla: La valla debe cumplir con las caracter\u00edsticas necesarias para el lugar donde se instalar\u00e1, incluyendo la resistencia al viento. Anclaje: El tipo de anclaje depender\u00e1 del tipo de muro donde se instale la valla (con pilastras, desnivelado, escalonado). Plano: Es importante dibujar [&hellip;]","og_url":"https:\/\/vallaseconomicas.es\/?page_id=108","og_site_name":"Vallas Econ\u00f3micas","article_modified_time":"2026-03-24T11:56:37+00:00","og_image":[{"url":"https:\/\/publijosma.subiendoweb.es\/wp-content\/uploads\/2026\/03\/bannerpresupuesto.webp","type":"","width":"","height":""}],"twitter_card":"summary_large_image","twitter_misc":{"Tiempo de lectura":"6 minutos"},"schema":{"@context":"https:\/\/schema.org","@graph":[{"@type":"WebPage","@id":"https:\/\/vallaseconomicas.es\/?page_id=108","url":"https:\/\/vallaseconomicas.es\/?page_id=108","name":"PRESUPUESTO - Vallas Econ\u00f3micas","isPartOf":{"@id":"https:\/\/vallaseconomicas.es\/#website"},"primaryImageOfPage":{"@id":"https:\/\/vallaseconomicas.es\/?page_id=108#primaryimage"},"image":{"@id":"https:\/\/vallaseconomicas.es\/?page_id=108#primaryimage"},"thumbnailUrl":"https:\/\/publijosma.subiendoweb.es\/wp-content\/uploads\/2026\/03\/bannerpresupuesto.webp","datePublished":"2023-07-15T20:15:56+00:00","dateModified":"2026-03-24T11:56:37+00:00","breadcrumb":{"@id":"https:\/\/vallaseconomicas.es\/?page_id=108#breadcrumb"},"inLanguage":"es","potentialAction":[{"@type":"ReadAction","target":["https:\/\/vallaseconomicas.es\/?page_id=108"]}]},{"@type":"ImageObject","inLanguage":"es","@id":"https:\/\/vallaseconomicas.es\/?page_id=108#primaryimage","url":"https:\/\/publijosma.subiendoweb.es\/wp-content\/uploads\/2026\/03\/bannerpresupuesto.webp","contentUrl":"https:\/\/publijosma.subiendoweb.es\/wp-content\/uploads\/2026\/03\/bannerpresupuesto.webp"},{"@type":"BreadcrumbList","@id":"https:\/\/vallaseconomicas.es\/?page_id=108#breadcrumb","itemListElement":[{"@type":"ListItem","position":1,"name":"Portada","item":"https:\/\/vallaseconomicas.es\/"},{"@type":"ListItem","position":2,"name":"PRESUPUESTO"}]},{"@type":"WebSite","@id":"https:\/\/vallaseconomicas.es\/#website","url":"https:\/\/vallaseconomicas.es\/","name":"Vallas Econ\u00f3micas","description":"VALLAS DE PVC ALTA CALIDAD","publisher":{"@id":"https:\/\/vallaseconomicas.es\/#organization"},"potentialAction":[{"@type":"SearchAction","target":{"@type":"EntryPoint","urlTemplate":"https:\/\/vallaseconomicas.es\/?s={search_term_string}"},"query-input":{"@type":"PropertyValueSpecification","valueRequired":true,"valueName":"search_term_string"}}],"inLanguage":"es"},{"@type":"Organization","@id":"https:\/\/vallaseconomicas.es\/#organization","name":"Vallas Econ\u00f3micas","url":"https:\/\/vallaseconomicas.es\/","logo":{"@type":"ImageObject","inLanguage":"es","@id":"https:\/\/vallaseconomicas.es\/#\/schema\/logo\/image\/","url":"https:\/\/vallaseconomicas.es\/wp-content\/uploads\/2026\/02\/cropped-banner-vallas-economicas-inicio-1-1.png","contentUrl":"https:\/\/vallaseconomicas.es\/wp-content\/uploads\/2026\/02\/cropped-banner-vallas-economicas-inicio-1-1.png","width":562,"height":188,"caption":"Vallas Econ\u00f3micas"},"image":{"@id":"https:\/\/vallaseconomicas.es\/#\/schema\/logo\/image\/"}}]}},"uagb_featured_image_src":{"full":false,"thumbnail":false,"medium":false,"medium_large":false,"large":false,"1536x1536":false,"2048x2048":false},"uagb_author_info":{"display_name":"entrepinosmar","author_link":"https:\/\/vallaseconomicas.es\/?author=1"},"uagb_comment_info":0,"uagb_excerpt":"Planificaci\u00f3n de la instalaci\u00f3n de una valla Puntos clave Caracter\u00edsticas de la valla: La valla debe cumplir con las caracter\u00edsticas necesarias para el lugar donde se instalar\u00e1, incluyendo la resistencia al viento. Anclaje: El tipo de anclaje depender\u00e1 del tipo de muro donde se instale la valla (con pilastras, desnivelado, escalonado). Plano: Es importante dibujar&hellip;","_links":{"self":[{"href":"https:\/\/vallaseconomicas.es\/index.php?rest_route=\/wp\/v2\/pages\/108","targetHints":{"allow":["GET"]}}],"collection":[{"href":"https:\/\/vallaseconomicas.es\/index.php?rest_route=\/wp\/v2\/pages"}],"about":[{"href":"https:\/\/vallaseconomicas.es\/index.php?rest_route=\/wp\/v2\/types\/page"}],"author":[{"embeddable":true,"href":"https:\/\/vallaseconomicas.es\/index.php?rest_route=\/wp\/v2\/users\/1"}],"replies":[{"embeddable":true,"href":"https:\/\/vallaseconomicas.es\/index.php?rest_route=%2Fwp%2Fv2%2Fcomments&post=108"}],"version-history":[{"count":0,"href":"https:\/\/vallaseconomicas.es\/index.php?rest_route=\/wp\/v2\/pages\/108\/revisions"}],"wp:attachment":[{"href":"https:\/\/vallaseconomicas.es\/index.php?rest_route=%2Fwp%2Fv2%2Fmedia&parent=108"}],"curies":[{"name":"wp","href":"https:\/\/api.w.org\/{rel}","templated":true}]}}